{"id":331,"date":"2019-10-11T20:07:50","date_gmt":"2019-10-11T19:07:50","guid":{"rendered":"https:\/\/umweltkonzept-landschaftsplanung.de\/?page_id=331"},"modified":"2020-04-15T10:21:14","modified_gmt":"2020-04-15T09:21:14","slug":"impressum","status":"publish","type":"page","link":"https:\/\/umweltkonzept-landschaftsplanung.de\/?page_id=331","title":{"rendered":"Impressum"},"content":{"rendered":"<div id=\"pl-331\"  class=\"panel-layout\" ><div id=\"pg-331-0\"  class=\"panel-grid panel-no-style\" ><div id=\"pgc-331-0-0\"  class=\"panel-grid-cell\" ><div id=\"panel-331-0-0-0\" class=\"so-panel widget widget_sow-editor panel-first-child panel-last-child\" data-index=\"0\" ><div class=\"so-widget-sow-editor so-widget-sow-editor-base\">\n<div class=\"siteorigin-widget-tinymce textwidget\">\n\t<div id=\"cc-m-10754114883\" class=\"j-module n j-spacing \">\n<div class=\"cc-m-spacer\" style=\"text-align: center;\"><\/div>\n<\/div>\n<div id=\"cc-m-10754114483\" class=\"j-module n j-header \" style=\"text-align: center;\">\n<h1 style=\"text-align: left;\">Impressum<\/h1>\n<\/div>\n<div id=\"cc-m-10756407183\" class=\"j-module n j-hr \" style=\"text-align: left;\">Angaben gem\u00e4\u00df \u00a7 5 TMG<\/div>\n<div><\/div>\n<div><strong>Betreiber und Kontakt<br \/>\n<\/strong><\/div>\n<div id=\"cc-m-10754113883\" class=\"j-module n j-text \">\n<p style=\"text-align: left;\">UMWELTKONZEPT<br \/>\nChristian Nitsch &amp; Felix Schreiter GbR<br \/>\nEisenberger Str. 10<br \/>\n01127 Dresden<\/p>\n<p>Umsatzsteuer ID-Nr. DE326227656<\/p>\n<p style=\"text-align: left;\">Telefon: +49 (0) 351 2171 8838<br \/>\nE-Mail: info@umweltkonzept-landschaftsplanung.de<\/p>\n<p><strong>Streitschlichtung<br \/>\n<\/strong>gem. Art. 14 Abs. 1 ODR-VO<strong><br \/>\n<\/strong><\/p>\n<p>Die Europ\u00e4ische Kommission stellt eine Plattform zur Online-Streitbeilegung (OS) bereit:<br \/>\n<a title=\"https:\/\/ec.europa.eu\/consumers\/odr\" href=\"https:\/\/ec.europa.eu\/consumers\/odr\" target=\"_blank\" rel=\"noopener\">https:\/\/ec.europa.eu\/consumers\/odr<\/a>.<\/p>\n<p><strong>Haftung f\u00fcr Inhalte<\/strong><\/p>\n<p style=\"text-align: left;\">Als Diensteanbieter sind wir gem\u00e4\u00df \u00a7 7 Abs.1 TMG f\u00fcr eigene Inhalte auf diesen Seiten nach den<br \/>\nallgemeinen Gesetzen verantwortlich. Nach \u00a7\u00a7 8 bis 10 TMG sind wir als Diensteanbieter jedoch nicht<br \/>\nverpflichtet, \u00fcbermittelte oder gespeicherte fremde Informationen zu \u00fcberwachen oder nach Umst\u00e4nden zu<br \/>\nforschen, die auf eine rechtswidrige T\u00e4tigkeit hinweisen.<\/p>\n<p style=\"text-align: left;\">Verpflichtungen zur Entfernung oder Sperrung der Nutzung von Informationen nach den allgemeinen<br \/>\nGesetzen bleiben hiervon unber\u00fchrt. Eine diesbez\u00fcgliche Haftung ist jedoch erst ab dem Zeitpunkt der<br \/>\nKenntnis einer konkreten Rechtsverletzung m\u00f6glich. Bei Bekanntwerden von entsprechenden<br \/>\nRechtsverletzungen werden wir diese Inhalte umgehend entfernen.<\/p>\n<p style=\"text-align: left;\"><strong>Haftung f\u00fcr Links<\/strong><\/p>\n<p style=\"text-align: left;\">Unser Angebot enth\u00e4lt Links zu externen Websites Dritter, auf deren Inhalte wir keinen Einfluss haben.<br \/>\nDeshalb k\u00f6nnen wir f\u00fcr diese fremden Inhalte auch keine Gew\u00e4hr \u00fcbernehmen. F\u00fcr die Inhalte der<br \/>\nverlinkten Seiten ist stets der jeweilige Anbieter oder Betreiber der Seiten verantwortlich. Die verlinkten<br \/>\nSeiten wurden zum Zeitpunkt der Verlinkung auf m\u00f6gliche Rechtsverst\u00f6\u00dfe \u00fcberpr\u00fcft. Rechtswidrige Inhalte<br \/>\nwaren zum Zeitpunkt der Verlinkung nicht erkennbar.<\/p>\n<p style=\"text-align: left;\">Eine permanente inhaltliche Kontrolle der verlinkten Seiten ist jedoch ohne konkrete Anhaltspunkte einer<br \/>\nRechtsverletzung nicht zumutbar. Bei Bekanntwerden von Rechtsverletzungen werden wir derartige Links<br \/>\numgehend entfernen.<\/p>\n<p style=\"text-align: left;\"><strong>Urheberrecht<\/strong><\/p>\n<p style=\"text-align: left;\">Die durch den Betreiber der Seite erstellten Inhalte und Werke auf diesen Seiten unterliegen dem deutschen<br \/>\nUrheberrecht. Die Vervielf\u00e4ltigung, Bearbeitung, Verbreitung und jede Art der Verwertung au\u00dferhalb der<br \/>\nGrenzen des Urheberrechtes bed\u00fcrfen der schriftlichen Zustimmung des jeweiligen Autors bzw. Erstellers.<br \/>\nDownloads und Kopien dieser Seite sind nur f\u00fcr den privaten, nicht kommerziellen Gebrauch gestattet.<\/p>\n<p style=\"text-align: left;\">Soweit die Inhalte auf dieser Seite nicht vom Betreiber erstellt wurden, werden die Urheberrechte Dritter<br \/>\nbeachtet. Insbesondere werden Inhalte Dritter als solche gekennzeichnet. Sollten Sie trotzdem auf eine<br \/>\nUrheberrechtsverletzung aufmerksam werden, bitten wir um einen entsprechenden Hinweis. Bei<br \/>\nBekanntwerden von Rechtsverletzungen werden wir derartige Inhalte umgehend entfernen.<\/p>\n<p style=\"text-align: left;\">Bildnachweise:<\/p>\n<p style=\"text-align: left;\">Alle Bilder sind Eigentum von Christian Nitsch und Ralph Kunz.<\/p>\n<\/div>\n<\/div>\n<\/div><\/div><\/div><\/div><\/div>","protected":false},"excerpt":{"rendered":"<p>Impressum Angaben gem\u00e4\u00df \u00a7 5 TMG Betreiber und Kontakt UMWELTKONZEPT Christian Nitsch &amp; Felix Schreiter GbR Eisenberger Str. 10 01127 Dresden Umsatzsteuer ID-Nr. DE326227656 Telefon: +49 (0) 351 2171 8838 E-Mail: info@umweltkonzept-landschaftsplanung.de Streitschlichtung gem. Art. 14 Abs. 1 ODR-VO Die Europ\u00e4ische Kommission stellt eine Plattform zur Online-Streitbeilegung (OS) bereit: https:\/\/ec.europa.eu\/consumers\/odr. Haftung f\u00fcr Inhalte Als Diensteanbieter [&hellip;]<\/p>\n","protected":false},"author":1,"featured_media":0,"parent":161,"menu_order":0,"comment_status":"closed","ping_status":"closed","template":"","meta":[],"_links":{"self":[{"href":"https:\/\/umweltkonzept-landschaftsplanung.de\/index.php?rest_route=\/wp\/v2\/pages\/331"}],"collection":[{"href":"https:\/\/umweltkonzept-landschaftsplanung.de\/index.php?rest_route=\/wp\/v2\/pages"}],"about":[{"href":"https:\/\/umweltkonzept-landschaftsplanung.de\/index.php?rest_route=\/wp\/v2\/types\/page"}],"author":[{"embeddable":true,"href":"https:\/\/umweltkonzept-landschaftsplanung.de\/index.php?rest_route=\/wp\/v2\/users\/1"}],"replies":[{"embeddable":true,"href":"https:\/\/umweltkonzept-landschaftsplanung.de\/index.php?rest_route=%2Fwp%2Fv2%2Fcomments&post=331"}],"version-history":[{"count":5,"href":"https:\/\/umweltkonzept-landschaftsplanung.de\/index.php?rest_route=\/wp\/v2\/pages\/331\/revisions"}],"predecessor-version":[{"id":372,"href":"https:\/\/umweltkonzept-landschaftsplanung.de\/index.php?rest_route=\/wp\/v2\/pages\/331\/revisions\/372"}],"up":[{"embeddable":true,"href":"https:\/\/umweltkonzept-landschaftsplanung.de\/index.php?rest_route=\/wp\/v2\/pages\/161"}],"wp:attachment":[{"href":"https:\/\/umweltkonzept-landschaftsplanung.de\/index.php?rest_route=%2Fwp%2Fv2%2Fmedia&parent=331"}],"curies":[{"name":"wp","href":"https:\/\/api.w.org\/{rel}","templated":true}]}}