{"id":161,"date":"2019-09-14T13:52:22","date_gmt":"2019-09-14T11:52:22","guid":{"rendered":"http:\/\/localhost\/wp\/?page_id=14"},"modified":"2020-03-31T10:34:58","modified_gmt":"2020-03-31T09:34:58","slug":"testpage","status":"publish","type":"page","link":"https:\/\/umweltkonzept-landschaftsplanung.de\/","title":{"rendered":"Umweltkonzept-Landschaftsplanung"},"content":{"rendered":"<div id=\"pl-161\"  class=\"panel-layout\" ><div id=\"pg-161-0\"  class=\"panel-grid panel-has-style\" ><div class=\"siteorigin-panels-stretch panel-row-style panel-row-style-for-161-0\" data-stretch-type=\"full-stretched\" ><div id=\"pgc-161-0-0\"  class=\"panel-grid-cell\" ><div id=\"panel-161-0-0-0\" class=\"so-panel widget widget_sow-hero panel-first-child panel-last-child\" data-index=\"0\" ><div class=\"so-widget-sow-hero so-widget-sow-hero-default-00857c815a8c\"><div class=\"sow-slider-base \" style=\"display: none\"><ul class=\"sow-slider-images\" data-settings=\"{&quot;pagination&quot;:true,&quot;speed&quot;:800,&quot;timeout&quot;:8000,&quot;paused&quot;:false,&quot;pause_on_hover&quot;:false,&quot;swipe&quot;:true,&quot;nav_always_show_mobile&quot;:&quot;&quot;,&quot;breakpoint&quot;:&quot;780px&quot;}\">\t\t<li class=\"sow-slider-image  sow-slider-image-cover\" style=\"background-color: #333333;background-image: url(https:\/\/umweltkonzept-landschaftsplanung.de\/wp-content\/uploads\/2019\/09\/Foto_Header_Web_2.jpg)\" >\n\t\t\t\t\t<div class=\"sow-slider-image-container\">\n\t\t\t<div class=\"sow-slider-image-wrapper\">\n\t\t\t\t<p style=\"line-height: 25%;padding-top: 625px;letter-spacing: 0.1em;text-align: center;font-family: open-sans, arial, helvetica, sans-serif;font-size: 42px\">LANDSCHAFTEN<\/p>\n<p style=\"line-height: 25%;letter-spacing: 0.1em;text-align: center;font-family: open-sans, arial, helvetica, sans-serif;font-size: 36px\">mit<\/p>\n<p style=\"line-height: 25%;letter-spacing: 0.1em;text-align: center;font-family: open-sans, arial, helvetica, sans-serif;font-size: 42px\">FUNKTION<\/p>\t\t\t<\/div>\n\t\t<\/div>\n\t\t\t\t<\/li>\n\t\t<\/ul>\t\t\t\t<ol class=\"sow-slider-pagination\">\n\t\t\t\t\t\t\t\t\t\t\t<li><a href=\"#\" data-goto=\"0\" aria-label=\"display slide 1\"><\/a><\/li>\n\t\t\t\t\t\t\t\t\t<\/ol>\n\n\t\t\t\t<div class=\"sow-slide-nav sow-slide-nav-next\">\n\t\t\t\t\t<a href=\"#\" data-goto=\"next\" aria-label=\"next slide\" data-action=\"next\">\n\t\t\t\t\t\t<em class=\"sow-sld-icon-thin-right\"><\/em>\n\t\t\t\t\t<\/a>\n\t\t\t\t<\/div>\n\n\t\t\t\t<div class=\"sow-slide-nav sow-slide-nav-prev\">\n\t\t\t\t\t<a href=\"#\" data-goto=\"previous\" aria-label=\"previous slide\" data-action=\"prev\">\n\t\t\t\t\t\t<em class=\"sow-sld-icon-thin-left\"><\/em>\n\t\t\t\t\t<\/a>\n\t\t\t\t<\/div>\n\t\t\t\t<\/div><\/div><\/div><\/div><\/div><\/div><div id=\"pg-161-1\"  class=\"panel-grid panel-has-style\" ><div class=\"siteorigin-panels-stretch panel-row-style panel-row-style-for-161-1\" id=\"unternehmen\" data-stretch-type=\"full\" ><div id=\"pgc-161-1-0\"  class=\"panel-grid-cell\" ><div id=\"panel-161-1-0-0\" class=\"so-panel widget widget_sow-headline panel-first-child\" data-index=\"1\" ><div class=\"so-widget-sow-headline so-widget-sow-headline-default-00103a5867a0\"><div class=\"sow-headline-container \">\n\t<h1 class='sow-headline'>UNTERNEHMEN<\/h1>\t\t\t\t\t<div class=\"decoration\">\n\t\t\t\t\t\t<div class=\"decoration-inside\"><\/div>\n\t\t\t\t\t<\/div>\n\t\t\t\t\t<\/div><\/div><\/div><div id=\"panel-161-1-0-1\" class=\"so-panel widget widget_sow-editor panel-last-child\" data-index=\"2\" ><div class=\"so-widget-sow-editor so-widget-sow-editor-base\">\n<div class=\"siteorigin-widget-tinymce textwidget\">\n\t<p style=\"text-align: center;\"><span style=\"font-size: 14pt;\">UMWELTKONZEPT wurde im Jahr 2019 durch die zwei Landschafts- &amp; Freiraumentwickler<\/span><br \/>\n<span style=\"font-size: 14pt;\">Felix Schreiter &amp; Christian Nitsch in Dresden gegr\u00fcndet.<\/span><\/p>\n<p style=\"text-align: center;\"><span style=\"font-size: 14pt;\">Unser Schwerpunkt ist der Fachbereich der qualifizierten Landschaftsplanung mit den damit verbundenen, spezifischen<\/span><br \/>\n<span style=\"font-size: 14pt;\">Themengebieten. Dar\u00fcber hinaus erstellen wir Analysen zu Landschafts- &amp; Naturschutzgebieten, erarbeiten Fachbeitr\u00e4ge<\/span><br \/>\n<span style=\"font-size: 14pt;\">zum allgemeinen sowie speziellen Artenschutz und begleiten Bauvorhaben an sensiblen Standorten. Unsere<\/span><br \/>\n<span style=\"font-size: 14pt;\">Spezialisierung sehen wir im Bereich der naturschutzfachlichen Genehmigungsplanung von Vertikalbauwerken.<\/span><\/p>\n<p style=\"text-align: center;\"><span style=\"font-size: 14pt;\">Mit UMWELTKONZEPT steht Ihnen ein kompetenter, zuverl\u00e4ssiger und unkomplizierter Partner im Bereich der Umwelt-<\/span><br \/>\n<span style=\"font-size: 14pt;\">und Landschaftsplanung zur Seite.<\/span><\/p>\n<p>&nbsp;<\/p>\n<\/div>\n<\/div><\/div><\/div><\/div><\/div><div id=\"pg-161-2\"  class=\"panel-grid panel-has-style\" ><div class=\"siteorigin-panels-stretch panel-row-style panel-row-style-for-161-2\" id=\"leistungen\" data-stretch-type=\"full\" ><div id=\"pgc-161-2-0\"  class=\"panel-grid-cell\" ><div id=\"panel-161-2-0-0\" class=\"so-panel widget widget_sow-headline panel-first-child panel-last-child\" data-index=\"3\" ><div class=\"so-widget-sow-headline so-widget-sow-headline-default-81de4cf7df7b\"><div class=\"sow-headline-container \">\n\t<h1 class='sow-headline'>LEISTUNGEN<\/h1>\t\t\t\t\t<div class=\"decoration\">\n\t\t\t\t\t\t<div class=\"decoration-inside\"><\/div>\n\t\t\t\t\t<\/div>\n\t\t\t\t\t<\/div><\/div><\/div><\/div><\/div><\/div><div id=\"pg-161-3\"  class=\"panel-grid panel-has-style\" ><div class=\"siteorigin-panels-stretch panel-row-style panel-row-style-for-161-3\" data-stretch-type=\"full-stretched\" ><div id=\"pgc-161-3-0\"  class=\"panel-grid-cell\" ><div id=\"panel-161-3-0-0\" class=\"so-panel widget widget_black-studio-tinymce widget_black_studio_tinymce panel-first-child panel-last-child\" data-index=\"4\" ><div class=\"panel-widget-style panel-widget-style-for-161-3-0-0\" ><div class=\"textwidget\"><p><img class=\"alignright wp-image-268 size-full\" src=\"https:\/\/umweltkonzept-landschaftsplanung.de\/wp-content\/uploads\/2019\/09\/EAP_Web.jpg\" alt=\"\" width=\"510\" height=\"510\" \/><\/p>\n<\/div><\/div><\/div><\/div><div id=\"pgc-161-3-1\"  class=\"panel-grid-cell\" ><div id=\"panel-161-3-1-0\" class=\"so-panel widget widget_sow-editor panel-first-child panel-last-child\" data-index=\"5\" ><div class=\"panel-widget-style panel-widget-style-for-161-3-1-0\" ><div class=\"so-widget-sow-editor so-widget-sow-editor-base\">\n<div class=\"siteorigin-widget-tinymce textwidget\">\n\t<p><span style=\"font-size: 14pt;\"><strong>Eingriffs- &amp; Ausgleichsplanung,<\/strong><\/span><br \/>\n<span style=\"font-size: 14pt;\"><strong>Landschaftspflegerischer Begleitplan (LBP)<\/strong><\/span><\/p>\n<p><span style=\"font-size: 14pt;\">Erstellung von professionellen Eingriffs- &amp; Ausgleichsplanungen zu spezifischen Bauvorhaben. Beinhaltet die Bewertung und Bilanzierung des Eingriffs in Natur &amp; Landschaft sowie die Erarbeitung von n\u00f6tigen Vermeidungs- und Ausgleichsma\u00dfnahmen. Je nach Wunsch \u00fcbernehmen wir f\u00fcr Sie Abstimmungen mit Beh\u00f6rden oder akquirieren Ausgleichsfl\u00e4chen.<\/span><\/p>\n<\/div>\n<\/div><\/div><\/div><\/div><\/div><\/div><div id=\"pg-161-4\"  class=\"panel-grid panel-has-style\" ><div class=\"siteorigin-panels-stretch panel-row-style panel-row-style-for-161-4\" data-stretch-type=\"full-stretched\" ><div id=\"pgc-161-4-0\"  class=\"panel-grid-cell\" ><div id=\"panel-161-4-0-0\" class=\"so-panel widget widget_black-studio-tinymce widget_black_studio_tinymce panel-first-child panel-last-child\" data-index=\"6\" ><div class=\"panel-widget-style panel-widget-style-for-161-4-0-0\" ><div class=\"textwidget\"><p><img class=\"wp-image-267 size-full alignright\" src=\"https:\/\/umweltkonzept-landschaftsplanung.de\/wp-content\/uploads\/2019\/09\/Biotopkartierung_Web.jpg\" alt=\"\" width=\"510\" height=\"510\" \/><\/p>\n<\/div><\/div><\/div><\/div><div id=\"pgc-161-4-1\"  class=\"panel-grid-cell\" ><div id=\"panel-161-4-1-0\" class=\"so-panel widget widget_sow-editor panel-first-child panel-last-child\" data-index=\"7\" ><div class=\"panel-widget-style panel-widget-style-for-161-4-1-0\" ><div class=\"so-widget-sow-editor so-widget-sow-editor-base\">\n<div class=\"siteorigin-widget-tinymce textwidget\">\n\t<p><span style=\"font-size: 14pt;\"><strong>Biotopkartierung<\/strong><\/span><\/p>\n<p><span style=\"font-size: 14pt;\">Erfassung von Biotopen und Bewertung des Naturhaushaltes. Ermittlung der Artenvielfalt in gr\u00f6\u00dferen und kleineren Landschaftsbereichen sowie punktuelle Erhebung spezifischer Flora und Fauna. Auf Wunsch ermitteln wir Verlaufstrends, erstellen Potentialanalysen und fertigen Entwicklungskonzepte.<\/span><\/p>\n<\/div>\n<\/div><\/div><\/div><\/div><\/div><\/div><div id=\"pg-161-5\"  class=\"panel-grid panel-has-style\" ><div class=\"siteorigin-panels-stretch panel-row-style panel-row-style-for-161-5\" data-stretch-type=\"full-stretched\" ><div id=\"pgc-161-5-0\"  class=\"panel-grid-cell\" ><div id=\"panel-161-5-0-0\" class=\"so-panel widget widget_black-studio-tinymce widget_black_studio_tinymce panel-first-child panel-last-child\" data-index=\"8\" ><div class=\"panel-widget-style panel-widget-style-for-161-5-0-0\" ><div class=\"textwidget\"><p><img class=\"alignright wp-image-359 size-full\" src=\"https:\/\/umweltkonzept-landschaftsplanung.de\/wp-content\/uploads\/2020\/01\/AFP_Web_2.jpg\" alt=\"\" width=\"510\" height=\"510\" \/><\/p>\n<\/div><\/div><\/div><\/div><div id=\"pgc-161-5-1\"  class=\"panel-grid-cell\" ><div id=\"panel-161-5-1-0\" class=\"so-panel widget widget_sow-editor panel-first-child panel-last-child\" data-index=\"9\" ><div class=\"panel-widget-style panel-widget-style-for-161-5-1-0\" ><div class=\"so-widget-sow-editor so-widget-sow-editor-base\">\n<div class=\"siteorigin-widget-tinymce textwidget\">\n\t<p><span style=\"font-size: 14pt;\"><strong>Artenschutzfachbeitrag (AFP), spezielle artenschutzrechtliche Pr\u00fcfung (saP)<\/strong><\/span><\/p>\n<p><span style=\"font-size: 14pt;\">Erstellung von Vertr\u00e4glichkeitspr\u00fcfungen f\u00fcr Bauvorhaben hinsichtlich erheblicher Beeintr\u00e4chtigungen von europ\u00e4isch gesch\u00fctzten sowie national gesch\u00fctzten Tier- &amp; Pflanzenarten. Auf Wunsch erarbeiten wir Vermeidungs- &amp; Minderungsma\u00dfnahmen und planen funktionserhaltende Ma\u00dfnahmen (CEF-Ma\u00dfnahmen).<\/span><\/p>\n<\/div>\n<\/div><\/div><\/div><\/div><\/div><\/div><div id=\"pg-161-6\"  class=\"panel-grid panel-has-style\" ><div class=\"siteorigin-panels-stretch panel-row-style panel-row-style-for-161-6\" data-stretch-type=\"full-stretched\" ><div id=\"pgc-161-6-0\"  class=\"panel-grid-cell\" ><div id=\"panel-161-6-0-0\" class=\"so-panel widget widget_black-studio-tinymce widget_black_studio_tinymce panel-first-child panel-last-child\" data-index=\"10\" ><div class=\"panel-widget-style panel-widget-style-for-161-6-0-0\" ><div class=\"textwidget\"><p><img class=\"wp-image-272 size-full alignright\" src=\"https:\/\/umweltkonzept-landschaftsplanung.de\/wp-content\/uploads\/2019\/09\/NATURA-2000_Web.jpg\" alt=\"\" width=\"510\" height=\"510\" \/><\/p>\n<\/div><\/div><\/div><\/div><div id=\"pgc-161-6-1\"  class=\"panel-grid-cell\" ><div id=\"panel-161-6-1-0\" class=\"so-panel widget widget_sow-editor panel-first-child panel-last-child\" data-index=\"11\" ><div class=\"panel-widget-style panel-widget-style-for-161-6-1-0\" ><div class=\"so-widget-sow-editor so-widget-sow-editor-base\">\n<div class=\"siteorigin-widget-tinymce textwidget\">\n\t<p><span style=\"font-size: 14pt;\"><strong>Natura 2000 Vertr\u00e4glichkeitspr\u00fcfung (FFH-VP)<\/strong><\/span><\/p>\n<p><span style=\"font-size: 14pt;\">Erstellung von Vertr\u00e4glichkeitspr\u00fcfungen f\u00fcr Bauvorhaben in europ\u00e4ischen Natur- &amp; Vogelschutzgebieten (FFH &amp; SPA). Beeinhaltet die Pr\u00fcfung vorhabenspezifischer Wirkfaktoren auf die Schutz- &amp; Entwicklungsziele der jeweiligen Schutzgebiete.\u00a0Auf Wunsch erarbeiten wir Vermeidungs- &amp; Minderungsma\u00dfnahmen und erstellen Wiederherstellungskonzepte.<\/span><\/p>\n<\/div>\n<\/div><\/div><\/div><\/div><\/div><\/div><div id=\"pg-161-7\"  class=\"panel-grid panel-has-style\" ><div class=\"siteorigin-panels-stretch panel-row-style panel-row-style-for-161-7\" data-stretch-type=\"full-stretched\" ><div id=\"pgc-161-7-0\"  class=\"panel-grid-cell\" ><div id=\"panel-161-7-0-0\" class=\"so-panel widget widget_black-studio-tinymce widget_black_studio_tinymce panel-first-child panel-last-child\" data-index=\"12\" ><div class=\"panel-widget-style panel-widget-style-for-161-7-0-0\" ><div class=\"textwidget\"><p><img class=\"wp-image-271 size-full alignright\" src=\"https:\/\/umweltkonzept-landschaftsplanung.de\/wp-content\/uploads\/2019\/09\/Monitoring_Web.jpg\" alt=\"\" width=\"510\" height=\"510\" \/><\/p>\n<\/div><\/div><\/div><\/div><div id=\"pgc-161-7-1\"  class=\"panel-grid-cell\" ><div id=\"panel-161-7-1-0\" class=\"so-panel widget widget_sow-editor panel-first-child panel-last-child\" data-index=\"13\" ><div class=\"panel-widget-style panel-widget-style-for-161-7-1-0\" ><div class=\"so-widget-sow-editor so-widget-sow-editor-base\">\n<div class=\"siteorigin-widget-tinymce textwidget\">\n\t<p><span style=\"font-size: 14pt;\"><strong>Monitoring<\/strong><\/span><\/p>\n<p><span style=\"font-size: 14pt;\">\u00dcberwachung, Kontrolle und Analyse von naturschutzfachlichen Schutzgegenst\u00e4nden. Beinhaltet die Datenerhebung \u00fcber k\u00fcrzere oder l\u00e4ngere Zeitr\u00e4ume hinsichtlich konkreter Vorhabenstandorte, Biotope oder Tier- und Pflanzenpopulationen. Je nach Wunsch fertigen wir Ergebnisprotokolle oder Erl\u00e4uterungsberichte.<\/span><\/p>\n<\/div>\n<\/div><\/div><\/div><\/div><\/div><\/div><div id=\"pg-161-8\"  class=\"panel-grid panel-has-style\" ><div class=\"siteorigin-panels-stretch panel-row-style panel-row-style-for-161-8\" data-stretch-type=\"full-stretched\" ><div id=\"pgc-161-8-0\"  class=\"panel-grid-cell\" ><div id=\"panel-161-8-0-0\" class=\"so-panel widget widget_black-studio-tinymce widget_black_studio_tinymce panel-first-child panel-last-child\" data-index=\"14\" ><div class=\"panel-widget-style panel-widget-style-for-161-8-0-0\" ><div class=\"textwidget\"><p><img class=\"alignright wp-image-270 size-full\" src=\"https:\/\/umweltkonzept-landschaftsplanung.de\/wp-content\/uploads\/2019\/09\/Landschaftsbildanalyse_Web.jpg\" alt=\"\" width=\"510\" height=\"510\" \/><\/p>\n<\/div><\/div><\/div><\/div><div id=\"pgc-161-8-1\"  class=\"panel-grid-cell\" ><div id=\"panel-161-8-1-0\" class=\"so-panel widget widget_sow-editor panel-first-child panel-last-child\" data-index=\"15\" ><div class=\"panel-widget-style panel-widget-style-for-161-8-1-0\" ><div class=\"so-widget-sow-editor so-widget-sow-editor-base\">\n<div class=\"siteorigin-widget-tinymce textwidget\">\n\t<p><span style=\"font-size: 14pt;\"><strong>Landschaftsbildanalyse<\/strong><\/span><\/p>\n<p><span style=\"font-size: 14pt;\">Ermittlung von Landschaftsbildpotentialen in und au\u00dferhalb von Schutzgebieten unter der Betrachtung der \u00e4sthetischen Erlebniswirksamkeit. Weiterhin analysieren wir bereits vorhandene Vorbelastungen und erstellen projektbezogene Sichtbarkeitsanalysen f\u00fcr Bauvorhaben. Auf Wunsch erstellen wir Fotovisualisierungen und erarbeiten Konzepte zur Minderung von optischen St\u00f6rwirkungen.<\/span><\/p>\n<\/div>\n<\/div><\/div><\/div><\/div><\/div><\/div><div id=\"pg-161-9\"  class=\"panel-grid panel-has-style\" ><div class=\"siteorigin-panels-stretch panel-row-style panel-row-style-for-161-9\" data-stretch-type=\"full-stretched\" ><div id=\"pgc-161-9-0\"  class=\"panel-grid-cell\" ><div id=\"panel-161-9-0-0\" class=\"so-panel widget widget_black-studio-tinymce widget_black_studio_tinymce panel-first-child panel-last-child\" data-index=\"16\" ><div class=\"panel-widget-style panel-widget-style-for-161-9-0-0\" ><div class=\"textwidget\"><p><img class=\"alignright wp-image-273 size-full\" src=\"https:\/\/umweltkonzept-landschaftsplanung.de\/wp-content\/uploads\/2019\/09\/UBB_Web.jpg\" alt=\"\" width=\"510\" height=\"510\" \/><\/p>\n<\/div><\/div><\/div><\/div><div id=\"pgc-161-9-1\"  class=\"panel-grid-cell\" ><div id=\"panel-161-9-1-0\" class=\"so-panel widget widget_sow-editor panel-first-child panel-last-child\" data-index=\"17\" ><div class=\"panel-widget-style panel-widget-style-for-161-9-1-0\" ><div class=\"so-widget-sow-editor so-widget-sow-editor-base\">\n<div class=\"siteorigin-widget-tinymce textwidget\">\n\t<p><span style=\"font-size: 14pt;\"><strong>Umweltbaubegleitung (UBB)<\/strong><\/span><\/p>\n<p><span style=\"font-size: 14pt;\">Beratung und Begleitung von Bauvorhaben an naturschutzfachlich sensiblen Standorten zur Vermeidung von Verbotstatbest\u00e4nden. Beeinhaltet die professionelle Beratung in der Vorbereitungs-, Ausf\u00fchrungs- und Abnahmephase.\u00a0Je nach Wunsch \u00fcbernehmen wir f\u00fcr Sie Abstimmungen mit Beh\u00f6rden, koordinieren relevante Arbeiten innerhalb des Bauablaufs und erstellen Ergebnisprotokolle und Erl\u00e4uterungsberichte.<\/span><\/p>\n<\/div>\n<\/div><\/div><\/div><\/div><\/div><\/div><div id=\"pg-161-10\"  class=\"panel-grid panel-has-style\" ><div class=\"siteorigin-panels-stretch panel-row-style panel-row-style-for-161-10\" data-stretch-type=\"full-stretched\" ><div id=\"pgc-161-10-0\"  class=\"panel-grid-cell\" ><div id=\"panel-161-10-0-0\" class=\"so-panel widget widget_sow-hero panel-first-child panel-last-child\" data-index=\"18\" ><div class=\"panel-widget-style panel-widget-style-for-161-10-0-0\" ><div class=\"so-widget-sow-hero so-widget-sow-hero-default-b89064ad108d so-widget-fittext-wrapper\"><div class=\"sow-slider-base \" style=\"display: none\"><ul class=\"sow-slider-images\" data-settings=\"{&quot;pagination&quot;:true,&quot;speed&quot;:800,&quot;timeout&quot;:8000,&quot;paused&quot;:false,&quot;pause_on_hover&quot;:false,&quot;swipe&quot;:true,&quot;nav_always_show_mobile&quot;:&quot;&quot;,&quot;breakpoint&quot;:&quot;780px&quot;}\">\t\t<li class=\"sow-slider-image  sow-slider-image-cover\" style=\"background-color: #333333;background-image: url(https:\/\/umweltkonzept-landschaftsplanung.de\/wp-content\/uploads\/2019\/09\/Zschorna_See_Web_2.jpg)\" >\n\t\t\t\t\t<div class=\"sow-slider-image-container\">\n\t\t\t<div class=\"sow-slider-image-wrapper\">\n\t\t\t\t\t\t\t<\/div>\n\t\t<\/div>\n\t\t\t\t<\/li>\n\t\t<\/ul>\t\t\t\t<ol class=\"sow-slider-pagination\">\n\t\t\t\t\t\t\t\t\t\t\t<li><a href=\"#\" data-goto=\"0\" aria-label=\"display slide 1\"><\/a><\/li>\n\t\t\t\t\t\t\t\t\t<\/ol>\n\n\t\t\t\t<div class=\"sow-slide-nav sow-slide-nav-next\">\n\t\t\t\t\t<a href=\"#\" data-goto=\"next\" aria-label=\"next slide\" data-action=\"next\">\n\t\t\t\t\t\t<em class=\"sow-sld-icon-thin-right\"><\/em>\n\t\t\t\t\t<\/a>\n\t\t\t\t<\/div>\n\n\t\t\t\t<div class=\"sow-slide-nav sow-slide-nav-prev\">\n\t\t\t\t\t<a href=\"#\" data-goto=\"previous\" aria-label=\"previous slide\" data-action=\"prev\">\n\t\t\t\t\t\t<em class=\"sow-sld-icon-thin-left\"><\/em>\n\t\t\t\t\t<\/a>\n\t\t\t\t<\/div>\n\t\t\t\t<\/div><\/div><\/div><\/div><\/div><\/div><\/div><div id=\"pg-161-11\"  class=\"panel-grid panel-has-style\" ><div id=\"kontakt\" class=\"panel-row-style panel-row-style-for-161-11\" ><div id=\"pgc-161-11-0\"  class=\"panel-grid-cell\" ><div id=\"panel-161-11-0-0\" class=\"so-panel widget widget_sow-headline panel-first-child panel-last-child\" data-index=\"19\" ><div class=\"so-widget-sow-headline so-widget-sow-headline-default-85a4ec91ff32\"><div class=\"sow-headline-container \">\n\t<h1 class='sow-headline'>KONTAKT<\/h1>\t\t\t\t\t<div class=\"decoration\">\n\t\t\t\t\t\t<div class=\"decoration-inside\"><\/div>\n\t\t\t\t\t<\/div>\n\t\t\t\t\t<\/div><\/div><\/div><\/div><\/div><\/div><div id=\"pg-161-12\"  class=\"panel-grid panel-has-style\" ><div class=\"siteorigin-panels-stretch panel-row-style panel-row-style-for-161-12\" data-stretch-type=\"full-stretched\" ><div id=\"pgc-161-12-0\"  class=\"panel-grid-cell\" ><div id=\"panel-161-12-0-0\" class=\"so-panel widget widget_black-studio-tinymce widget_black_studio_tinymce panel-first-child panel-last-child\" data-index=\"20\" ><div class=\"textwidget\"><p><img class=\"size-medium wp-image-246 aligncenter\" src=\"https:\/\/umweltkonzept-landschaftsplanung.de\/wp-content\/uploads\/2019\/09\/Logo_o_H-300x157.png\" alt=\"\" width=\"300\" height=\"157\" \/><\/p>\n<p>&nbsp;<\/p>\n<\/div><\/div><\/div><div id=\"pgc-161-12-1\"  class=\"panel-grid-cell\" ><div id=\"panel-161-12-1-0\" class=\"so-panel widget widget_sow-editor panel-first-child panel-last-child\" data-index=\"21\" ><div class=\"panel-widget-style panel-widget-style-for-161-12-1-0\" ><div class=\"so-widget-sow-editor so-widget-sow-editor-base\">\n<div class=\"siteorigin-widget-tinymce textwidget\">\n\t<p><span style=\"font-size: 14pt;\" data-mce-style=\"font-size: 14pt;\">UMWELTKONZEPT&nbsp; Nitsch &amp; Schreiter GbR<\/span><br \/><span style=\"font-size: 14pt;\" data-mce-style=\"font-size: 14pt;\">Eisenberger Str. 10<\/span><br \/><span style=\"font-size: 14pt;\" data-mce-style=\"font-size: 14pt;\">01127 Dresden<\/span><\/p>\n<p><span style=\"font-size: 14pt;\" data-mce-style=\"font-size: 14pt;\">Umsatzsteuer ID-Nr. DE326227656<br \/><\/span><\/p>\n<p><span style=\"font-size: 14pt;\" data-mce-style=\"font-size: 14pt;\">Telefon: +49 (0) 351 2171 8838<br \/>Mobil: <\/span><span style=\"font-size: 14pt;\" data-mce-style=\"font-size: 14pt;\">+49 (0) 159 0198 6316<br \/><\/span><\/p>\n<p><span style=\"font-size: 14pt;\" data-mce-style=\"font-size: 14pt;\">E-Mail: info@umweltkonzept-landschaftsplanung.de<\/span><\/p><\/p>\n<\/div>\n<\/div><\/div><\/div><\/div><\/div><\/div><\/div>","protected":false},"excerpt":{"rendered":"<p>UMWELTKONZEPT wurde im Jahr 2019 durch die zwei Landschafts- &amp; Freiraumentwickler Felix Schreiter &amp; Christian Nitsch in Dresden gegr\u00fcndet. Unser Schwerpunkt ist der Fachbereich der qualifizierten Landschaftsplanung mit den damit verbundenen, spezifischen Themengebieten. Dar\u00fcber hinaus erstellen wir Analysen zu Landschafts- &amp; Naturschutzgebieten, erarbeiten Fachbeitr\u00e4ge zum allgemeinen sowie speziellen Artenschutz und begleiten Bauvorhaben an sensiblen Standorten. [&hellip;]<\/p>\n","protected":false},"author":1,"featured_media":0,"parent":0,"menu_order":0,"comment_status":"closed","ping_status":"closed","template":"","meta":[],"_links":{"self":[{"href":"https:\/\/umweltkonzept-landschaftsplanung.de\/index.php?rest_route=\/wp\/v2\/pages\/161"}],"collection":[{"href":"https:\/\/umweltkonzept-landschaftsplanung.de\/index.php?rest_route=\/wp\/v2\/pages"}],"about":[{"href":"https:\/\/umweltkonzept-landschaftsplanung.de\/index.php?rest_route=\/wp\/v2\/types\/page"}],"author":[{"embeddable":true,"href":"https:\/\/umweltkonzept-landschaftsplanung.de\/index.php?rest_route=\/wp\/v2\/users\/1"}],"replies":[{"embeddable":true,"href":"https:\/\/umweltkonzept-landschaftsplanung.de\/index.php?rest_route=%2Fwp%2Fv2%2Fcomments&post=161"}],"version-history":[{"count":5,"href":"https:\/\/umweltkonzept-landschaftsplanung.de\/index.php?rest_route=\/wp\/v2\/pages\/161\/revisions"}],"predecessor-version":[{"id":369,"href":"https:\/\/umweltkonzept-landschaftsplanung.de\/index.php?rest_route=\/wp\/v2\/pages\/161\/revisions\/369"}],"wp:attachment":[{"href":"https:\/\/umweltkonzept-landschaftsplanung.de\/index.php?rest_route=%2Fwp%2Fv2%2Fmedia&parent=161"}],"curies":[{"name":"wp","href":"https:\/\/api.w.org\/{rel}","templated":true}]}}